{"id":2261,"date":"2021-03-12T18:56:26","date_gmt":"2021-03-12T18:56:26","guid":{"rendered":"https:\/\/elitebuilders4life.com\/propiedades\/?page_id=2261"},"modified":"2021-03-15T18:28:59","modified_gmt":"2021-03-15T18:28:59","slug":"departamentos-en-renta","status":"publish","type":"page","link":"https:\/\/elitebuilders4life.com\/propiedades\/departamentos-en-renta\/","title":{"rendered":"Departamentos en Renta"},"content":{"rendered":"\n\n    \n    <div class=\"es-wrap est-native\">\n                    \n\t<ul class=\"listing__sort-list\">\n\t\t\t\t\t<li >\n\t\t\t\t<a href=\"https:\/\/elitebuilders4life.com\/propiedades\/wp-json\/wp\/v2\/pages\/2261?view_sort-1=recent\">M\u00e1s reciente<\/a>\n\t\t\t<\/li>\n\t\t\t\t\t<li >\n\t\t\t\t<a href=\"https:\/\/elitebuilders4life.com\/propiedades\/wp-json\/wp\/v2\/pages\/2261?view_sort-1=highest_price\">Precio m\u00e1s alto<\/a>\n\t\t\t<\/li>\n\t\t\t\t\t<li >\n\t\t\t\t<a href=\"https:\/\/elitebuilders4life.com\/propiedades\/wp-json\/wp\/v2\/pages\/2261?view_sort-1=lowest_price\">Precio m\u00e1s bajo<\/a>\n\t\t\t<\/li>\n\t\t\t\t\t<li >\n\t\t\t\t<a href=\"https:\/\/elitebuilders4life.com\/propiedades\/wp-json\/wp\/v2\/pages\/2261?view_sort-1=featured\">Destacado<\/a>\n\t\t\t<\/li>\n\t\t\t<\/ul>\n                <div class=\"es-listing es-layout-list\" data-layout=\"es-layout-list\">\n                            \n<div id=\"post-2947\" class=\"properties post-2947 type-properties status-publish has-post-thumbnail hentry es_category-en-renta es_status-disponible es_type-departamento es_feature-acceso-controlado es_feature-alberca es_feature-areas-verdes es_feature-palapa es_feature-seguridad-24-7 es_rent_period-por-dia\">\n    <div class=\"es-property-inner\">\n        <div class=\"es-property-thumbnail\">\n            <div class=\"es-thumbnail\">\n                <a href=\"https:\/\/elitebuilders4life.com\/propiedades\/lista-de-propiedades\/hermoso-departamento-en-real-ibiza-para-renta-vacacional\/\">\n                                            <img fetchpriority=\"high\" decoding=\"async\" width=\"536\" height=\"370\" src=\"https:\/\/elitebuilders4life.com\/propiedades\/wp-content\/uploads\/2021\/04\/1138-010-536x370.jpg\" class=\"attachment-es-image-size-archive size-es-image-size-archive\" alt=\"Hermoso departamento en Real Ibiza para Renta Vacacional\" \/>                    \n                                            <ul class=\"es-property-label-wrap\">\n                                                                                                <li class=\"es-property-label es-property-label-68 es-property-label-disponible\"\n                                        style=\"color:#2bbe0e\">Disponible<\/li><br>\n                                                                                                                                                                                                                                                                        <\/ul>\n                    \t                                        <div class=\"es-thumbnail-bottom\">11<\/div>\n\t                                <\/a>\n            <\/div>\n        <\/div>\n\n        <div class=\"es-property-info\">\n\n            <div class=\"es-row-view\">\n                <h2>\n                    <a href=\"https:\/\/elitebuilders4life.com\/propiedades\/lista-de-propiedades\/hermoso-departamento-en-real-ibiza-para-renta-vacacional\/\">Hermoso departamento en Real Ibiza para Renta Vacacional<\/a>\n                    <span class=\"es-price\">$ 1,500.00<\/span>                <\/h2>\n            <\/div>\n\n            <div class=\"es-col-view\">\n                <h2>\n                    <a class=\"es-property-link\" href=\"https:\/\/elitebuilders4life.com\/propiedades\/lista-de-propiedades\/hermoso-departamento-en-real-ibiza-para-renta-vacacional\/\">Hermoso departamento en Real Ibiza para Renta Vacacional<\/a>\n\t                                <\/h2>\n\t            <span class=\"es-price\">$ 1,500.00<\/span>            <\/div>\n\n\t        \n            <div class=\"es-property-content\">\n                <div class=\"es-property-excerpt\">\n\t\t            <p>\ud83d\udccd Hermoso departamento en Fraccionamiento Real Ibiza. \ud83d\udcb5 $1,500.00 MXN por d\u00eda. \ud83c\udfe0 C\u00f3modo departamento de 2 rec\u00e1maras (una con cama king size y la otra con cama individual), sala, comedor, cocina, \u00e1rea de lavado. Caracter\u00edsticas \ud83c\udfca Alberca. \ud83d\udecb\ufe0f Amueblado y equipado. \ud83e\uddd1\u200d\ud83e\udd1d\u200d\ud83e\uddd1 Palapa en \u00e1reas comunes. \ud83d\udc6e Seguridad 24\/7. \ud83c\udf33 \u00c1reas verdes.<\/p>\n                <\/div>\n                <div class=\"es-property-wishlist\">\n\t\t                            <\/div>\n            <\/div>\n\n            \n            <div class=\"es-bottom-info\">\n                \t\t\t<div class=\"es-bottom-icon__list\">\t\t\t\t\t\t\t\t\t\t<span class=\"es-bottom-icon\">\n                            \t                            <span class=\"es-meta-icon es-meta-icon--bedrooms lazyload\" style=\"background-image:inherit;\" data-bg-image=\"url(http:\/\/elitebuilders4life.com\/propiedades\/wp-content\/plugins\/estatik\/assets\/images\/bed_icon.png)\"><\/span>\n                            \t\t\t\t\t\t\t2 \u0441uartos                        <\/span>\n\t\t\t\t\t\t\t\t\t\t\t\t\t\t\t<span class=\"es-bottom-icon\">\n                            \t                            <span class=\"es-meta-icon es-meta-icon--bathrooms lazyload\" style=\"background-image:inherit;\" data-bg-image=\"url(http:\/\/elitebuilders4life.com\/propiedades\/wp-content\/plugins\/estatik\/assets\/images\/bath_icon.png)\"><\/span>\n                            \t\t\t\t\t\t\t1 ba\u00f1o                        <\/span>\n\t\t\t\t\t\t\t\t\t<\/div>\n\t\t\n                <div class=\"es-details-wrap\">\n                    <div class=\"es-details-flex\">\n                                                    <div class=\"es-map-link-wrap\">\n                                <a href=\"#\" class=\"es-map-view-link es-hover-show\" data-longitude=\"-87.09501044728059\"\n                                   data-latitude=\"20.65944604714525\">Ver en mapa<\/a>\n                            <\/div>\n                                                <span class=\"es-read-wrap\">\n                            <a href=\"https:\/\/elitebuilders4life.com\/propiedades\/lista-de-propiedades\/hermoso-departamento-en-real-ibiza-para-renta-vacacional\/\" class=\"es-button es-button-orange es-hover-show es-read\">Detalles<\/a>\n                        <\/span>\n                    <\/div>\n                <\/div>\n            <\/div>\n        <\/div>\n\n    <\/div>\n<\/div>\n                            \n<div id=\"post-2845\" class=\"properties post-2845 type-properties status-publish has-post-thumbnail hentry es_category-en-renta es_status-disponible es_type-departamento es_feature-alberca es_feature-elevador es_feature-estacionamiento-techado es_feature-seguridad-24-7 es_feature-wifi es_rent_period-por-dia\">\n    <div class=\"es-property-inner\">\n        <div class=\"es-property-thumbnail\">\n            <div class=\"es-thumbnail\">\n                <a href=\"https:\/\/elitebuilders4life.com\/propiedades\/lista-de-propiedades\/torre-42-de-departamentos-para-renta-vacacional\/\">\n                                            <img decoding=\"async\" width=\"536\" height=\"370\" data-src=\"https:\/\/elitebuilders4life.com\/propiedades\/wp-content\/uploads\/2021\/04\/996-04-536x370.jpg\" class=\"attachment-es-image-size-archive size-es-image-size-archive lazyload\" alt=\"Torre 42 de Departamentos para Renta Vacacional\" src=\"data:image\/gif;base64,R0lGODlhAQABAAAAACH5BAEKAAEALAAAAAABAAEAAAICTAEAOw==\" style=\"--smush-placeholder-width: 536px; --smush-placeholder-aspect-ratio: 536\/370;\" \/>                    \n                                            <ul class=\"es-property-label-wrap\">\n                                                                                                <li class=\"es-property-label es-property-label-68 es-property-label-disponible\"\n                                        style=\"color:#2bbe0e\">Disponible<\/li><br>\n                                                                                                                                                                                                                                                                        <\/ul>\n                    \t                                        <div class=\"es-thumbnail-bottom\">6<\/div>\n\t                                <\/a>\n            <\/div>\n        <\/div>\n\n        <div class=\"es-property-info\">\n\n            <div class=\"es-row-view\">\n                <h2>\n                    <a href=\"https:\/\/elitebuilders4life.com\/propiedades\/lista-de-propiedades\/torre-42-de-departamentos-para-renta-vacacional\/\">Torre 42 de Departamentos para Renta Vacacional<\/a>\n                    <span class=\"es-price\">$ 1,000.00<\/span>                <\/h2>\n            <\/div>\n\n            <div class=\"es-col-view\">\n                <h2>\n                    <a class=\"es-property-link\" href=\"https:\/\/elitebuilders4life.com\/propiedades\/lista-de-propiedades\/torre-42-de-departamentos-para-renta-vacacional\/\">Torre 42 de Departamentos para Renta Vacacional<\/a>\n\t                                <\/h2>\n\t            <span class=\"es-price\">$ 1,000.00<\/span>            <\/div>\n\n\t        \n            <div class=\"es-property-content\">\n                <div class=\"es-property-excerpt\">\n\t\t            <p>\ud83c\udfe1 Departamentos totalmente equipados y climatizados. \ud83d\udecf\ufe0f 1 Rec\u00e1mara, cama Queen Size y Smart TV y Aire Acondicionado. \ud83d\udecb\ufe0f Sala con sof\u00e1 cama, Smart TV, Aire Acondicionado. \ud83c\udf10 Internet en cada departamento. \ud83c\udf73 Comedor para 4 personas. \u23eb\u00a0Elevador. \ud83c\udfca Rooftop con piscina. \ud83c\udf3f Internet en \u00e1reas comunes. \ud83d\ude97 Estacionamiento techado. \ud83d\udc6e Seguridad 24 horas 7&#8230;<\/p>\n                <\/div>\n                <div class=\"es-property-wishlist\">\n\t\t                            <\/div>\n            <\/div>\n\n            \n            <div class=\"es-bottom-info\">\n                \t\t\t<div class=\"es-bottom-icon__list\">\t\t\t\t\t\t\t\t\t\t<span class=\"es-bottom-icon\">\n                            \t                            <span class=\"es-meta-icon es-meta-icon--bedrooms lazyload\" style=\"background-image:inherit;\" data-bg-image=\"url(http:\/\/elitebuilders4life.com\/propiedades\/wp-content\/plugins\/estatik\/assets\/images\/bed_icon.png)\"><\/span>\n                            \t\t\t\t\t\t\t1 cama                        <\/span>\n\t\t\t\t\t\t\t\t\t\t\t\t\t\t\t<span class=\"es-bottom-icon\">\n                            \t                            <span class=\"es-meta-icon es-meta-icon--bathrooms lazyload\" style=\"background-image:inherit;\" data-bg-image=\"url(http:\/\/elitebuilders4life.com\/propiedades\/wp-content\/plugins\/estatik\/assets\/images\/bath_icon.png)\"><\/span>\n                            \t\t\t\t\t\t\t1 ba\u00f1o                        <\/span>\n\t\t\t\t\t\t\t\t\t<\/div>\n\t\t\n                <div class=\"es-details-wrap\">\n                    <div class=\"es-details-flex\">\n                                                    <div class=\"es-map-link-wrap\">\n                                <a href=\"#\" class=\"es-map-view-link es-hover-show\" data-longitude=\"-87.06661715197747\"\n                                   data-latitude=\"20.637913605100586\">Ver en mapa<\/a>\n                            <\/div>\n                                                <span class=\"es-read-wrap\">\n                            <a href=\"https:\/\/elitebuilders4life.com\/propiedades\/lista-de-propiedades\/torre-42-de-departamentos-para-renta-vacacional\/\" class=\"es-button es-button-orange es-hover-show es-read\">Detalles<\/a>\n                        <\/span>\n                    <\/div>\n                <\/div>\n            <\/div>\n        <\/div>\n\n    <\/div>\n<\/div>\n                            \n<div id=\"post-2833\" class=\"properties post-2833 type-properties status-publish has-post-thumbnail hentry es_category-en-renta es_status-disponible es_type-departamento es_feature-acceso-controlado es_feature-alberca es_feature-areas-verdes es_feature-palapa es_feature-seguridad-24-7 es_rent_period-por-dia\">\n    <div class=\"es-property-inner\">\n        <div class=\"es-property-thumbnail\">\n            <div class=\"es-thumbnail\">\n                <a href=\"https:\/\/elitebuilders4life.com\/propiedades\/lista-de-propiedades\/departamento-en-primer-nivel-real-bilbao\/\">\n                                            <img decoding=\"async\" width=\"536\" height=\"370\" data-src=\"https:\/\/elitebuilders4life.com\/propiedades\/wp-content\/uploads\/2021\/04\/1040-09-536x370.jpg\" class=\"attachment-es-image-size-archive size-es-image-size-archive lazyload\" alt=\"Departamento en primer nivel Real Bilbao\" src=\"data:image\/gif;base64,R0lGODlhAQABAAAAACH5BAEKAAEALAAAAAABAAEAAAICTAEAOw==\" style=\"--smush-placeholder-width: 536px; --smush-placeholder-aspect-ratio: 536\/370;\" \/>                    \n                                            <ul class=\"es-property-label-wrap\">\n                                                                                                <li class=\"es-property-label es-property-label-68 es-property-label-disponible\"\n                                        style=\"color:#2bbe0e\">Disponible<\/li><br>\n                                                                                                                                                                                                                                                                        <\/ul>\n                    \t                                        <div class=\"es-thumbnail-bottom\">9<\/div>\n\t                                <\/a>\n            <\/div>\n        <\/div>\n\n        <div class=\"es-property-info\">\n\n            <div class=\"es-row-view\">\n                <h2>\n                    <a href=\"https:\/\/elitebuilders4life.com\/propiedades\/lista-de-propiedades\/departamento-en-primer-nivel-real-bilbao\/\">Departamento en primer nivel Real Bilbao<\/a>\n                    <span class=\"es-price\">$ 1,300.00<\/span>                <\/h2>\n            <\/div>\n\n            <div class=\"es-col-view\">\n                <h2>\n                    <a class=\"es-property-link\" href=\"https:\/\/elitebuilders4life.com\/propiedades\/lista-de-propiedades\/departamento-en-primer-nivel-real-bilbao\/\">Departamento en primer nivel Real Bilbao<\/a>\n\t                                <\/h2>\n\t            <span class=\"es-price\">$ 1,300.00<\/span>            <\/div>\n\n\t        \n            <div class=\"es-property-content\">\n                <div class=\"es-property-excerpt\">\n\t\t            <p>\ud83c\udfe1 C\u00f3modo departamento de 2 rec\u00e1maras sala, comedor, cocina, \u00e1rea de lavado. Amueblado y equipado. \ud83c\udfca Cuenta con alberca y palapa en \u00e1reas comunes, seguridad 24\/7, acceso controlado. \ud83d\udccd Ubicado en el primer piso del edificio frente a la alberca en el Fraccionamiento Real Bilbao.<\/p>\n                <\/div>\n                <div class=\"es-property-wishlist\">\n\t\t                            <\/div>\n            <\/div>\n\n            \n            <div class=\"es-bottom-info\">\n                \t\t\t<div class=\"es-bottom-icon__list\">\t\t\t\t\t\t\t\t\t\t<span class=\"es-bottom-icon\">\n                            \t                            <span class=\"es-meta-icon es-meta-icon--bedrooms lazyload\" style=\"background-image:inherit;\" data-bg-image=\"url(http:\/\/elitebuilders4life.com\/propiedades\/wp-content\/plugins\/estatik\/assets\/images\/bed_icon.png)\"><\/span>\n                            \t\t\t\t\t\t\t2 \u0441uartos                        <\/span>\n\t\t\t\t\t\t\t\t\t\t\t\t\t\t\t<span class=\"es-bottom-icon\">\n                            \t                            <span class=\"es-meta-icon es-meta-icon--bathrooms lazyload\" style=\"background-image:inherit;\" data-bg-image=\"url(http:\/\/elitebuilders4life.com\/propiedades\/wp-content\/plugins\/estatik\/assets\/images\/bath_icon.png)\"><\/span>\n                            \t\t\t\t\t\t\t1 ba\u00f1o                        <\/span>\n\t\t\t\t\t\t\t\t\t<\/div>\n\t\t\n                <div class=\"es-details-wrap\">\n                    <div class=\"es-details-flex\">\n                                                    <div class=\"es-map-link-wrap\">\n                                <a href=\"#\" class=\"es-map-view-link es-hover-show\" data-longitude=\"-87.09368744563483\"\n                                   data-latitude=\"20.66998443471938\">Ver en mapa<\/a>\n                            <\/div>\n                                                <span class=\"es-read-wrap\">\n                            <a href=\"https:\/\/elitebuilders4life.com\/propiedades\/lista-de-propiedades\/departamento-en-primer-nivel-real-bilbao\/\" class=\"es-button es-button-orange es-hover-show es-read\">Detalles<\/a>\n                        <\/span>\n                    <\/div>\n                <\/div>\n            <\/div>\n        <\/div>\n\n    <\/div>\n<\/div>\n                            \n<div id=\"post-2823\" class=\"properties post-2823 type-properties status-publish has-post-thumbnail hentry es_category-en-renta es_status-disponible es_type-departamento es_feature-acceso-controlado es_feature-alberca es_feature-areas-verdes es_feature-palapa es_feature-seguridad-24-7 es_rent_period-por-dia\">\n    <div class=\"es-property-inner\">\n        <div class=\"es-property-thumbnail\">\n            <div class=\"es-thumbnail\">\n                <a href=\"https:\/\/elitebuilders4life.com\/propiedades\/lista-de-propiedades\/departamento-en-planta-baja-real-bilbao\/\">\n                                            <img decoding=\"async\" width=\"536\" height=\"370\" data-src=\"https:\/\/elitebuilders4life.com\/propiedades\/wp-content\/uploads\/2021\/04\/1042-07-536x370.jpg\" class=\"attachment-es-image-size-archive size-es-image-size-archive lazyload\" alt=\"Departamento en Planta Baja Real Bilbao\" src=\"data:image\/gif;base64,R0lGODlhAQABAAAAACH5BAEKAAEALAAAAAABAAEAAAICTAEAOw==\" style=\"--smush-placeholder-width: 536px; --smush-placeholder-aspect-ratio: 536\/370;\" \/>                    \n                                            <ul class=\"es-property-label-wrap\">\n                                                                                                <li class=\"es-property-label es-property-label-68 es-property-label-disponible\"\n                                        style=\"color:#2bbe0e\">Disponible<\/li><br>\n                                                                                                                                                                                                                                                                        <\/ul>\n                    \t                                        <div class=\"es-thumbnail-bottom\">7<\/div>\n\t                                <\/a>\n            <\/div>\n        <\/div>\n\n        <div class=\"es-property-info\">\n\n            <div class=\"es-row-view\">\n                <h2>\n                    <a href=\"https:\/\/elitebuilders4life.com\/propiedades\/lista-de-propiedades\/departamento-en-planta-baja-real-bilbao\/\">Departamento en Planta Baja Real Bilbao<\/a>\n                    <span class=\"es-price\">$ 1,300.00<\/span>                <\/h2>\n            <\/div>\n\n            <div class=\"es-col-view\">\n                <h2>\n                    <a class=\"es-property-link\" href=\"https:\/\/elitebuilders4life.com\/propiedades\/lista-de-propiedades\/departamento-en-planta-baja-real-bilbao\/\">Departamento en Planta Baja Real Bilbao<\/a>\n\t                                <\/h2>\n\t            <span class=\"es-price\">$ 1,300.00<\/span>            <\/div>\n\n\t        \n            <div class=\"es-property-content\">\n                <div class=\"es-property-excerpt\">\n\t\t            <p>\ud83c\udfe1 C\u00f3modo departamento de 2 rec\u00e1maras, sala, comedor, cocina, \u00e1rea de lavado. Amueblado y equipado. \ud83c\udfca Cuenta con alberca y palapa en \u00e1reas comunes, seguridad 24\/7, acceso controlado. \ud83d\udccd Ubicado en la planta baja del edificio frente a la alberca en el Fraccionamiento Real Bilbao.<\/p>\n                <\/div>\n                <div class=\"es-property-wishlist\">\n\t\t                            <\/div>\n            <\/div>\n\n            \n            <div class=\"es-bottom-info\">\n                \t\t\t<div class=\"es-bottom-icon__list\">\t\t\t\t\t\t\t\t\t\t<span class=\"es-bottom-icon\">\n                            \t                            <span class=\"es-meta-icon es-meta-icon--bedrooms lazyload\" style=\"background-image:inherit;\" data-bg-image=\"url(http:\/\/elitebuilders4life.com\/propiedades\/wp-content\/plugins\/estatik\/assets\/images\/bed_icon.png)\"><\/span>\n                            \t\t\t\t\t\t\t2 \u0441uartos                        <\/span>\n\t\t\t\t\t\t\t\t\t\t\t\t\t\t\t<span class=\"es-bottom-icon\">\n                            \t                            <span class=\"es-meta-icon es-meta-icon--bathrooms lazyload\" style=\"background-image:inherit;\" data-bg-image=\"url(http:\/\/elitebuilders4life.com\/propiedades\/wp-content\/plugins\/estatik\/assets\/images\/bath_icon.png)\"><\/span>\n                            \t\t\t\t\t\t\t1 ba\u00f1o                        <\/span>\n\t\t\t\t\t\t\t\t\t<\/div>\n\t\t\n                <div class=\"es-details-wrap\">\n                    <div class=\"es-details-flex\">\n                                                    <div class=\"es-map-link-wrap\">\n                                <a href=\"#\" class=\"es-map-view-link es-hover-show\" data-longitude=\"-87.0936823003493\"\n                                   data-latitude=\"20.66996753910115\">Ver en mapa<\/a>\n                            <\/div>\n                                                <span class=\"es-read-wrap\">\n                            <a href=\"https:\/\/elitebuilders4life.com\/propiedades\/lista-de-propiedades\/departamento-en-planta-baja-real-bilbao\/\" class=\"es-button es-button-orange es-hover-show es-read\">Detalles<\/a>\n                        <\/span>\n                    <\/div>\n                <\/div>\n            <\/div>\n        <\/div>\n\n    <\/div>\n<\/div>\n                            \n<div id=\"post-2792\" class=\"properties post-2792 type-properties status-publish has-post-thumbnail hentry es_category-en-renta es_status-disponible es_type-departamento es_feature-area-verde es_feature-asador es_feature-estacionamiento es_feature-terraza es_rent_period-por-dia\">\n    <div class=\"es-property-inner\">\n        <div class=\"es-property-thumbnail\">\n            <div class=\"es-thumbnail\">\n                <a href=\"https:\/\/elitebuilders4life.com\/propiedades\/lista-de-propiedades\/estudio-en-calle-42-para-renta-vacacional\/\">\n                                            <img decoding=\"async\" width=\"536\" height=\"370\" data-src=\"https:\/\/elitebuilders4life.com\/propiedades\/wp-content\/uploads\/2021\/04\/1090-012-536x370.jpg\" class=\"attachment-es-image-size-archive size-es-image-size-archive lazyload\" alt=\"Estudio en calle 42 para Renta Vacacional\" src=\"data:image\/gif;base64,R0lGODlhAQABAAAAACH5BAEKAAEALAAAAAABAAEAAAICTAEAOw==\" style=\"--smush-placeholder-width: 536px; --smush-placeholder-aspect-ratio: 536\/370;\" \/>                    \n                                            <ul class=\"es-property-label-wrap\">\n                                                                                                <li class=\"es-property-label es-property-label-68 es-property-label-disponible\"\n                                        style=\"color:#2bbe0e\">Disponible<\/li><br>\n                                                                                                                                                                                                                                                                        <\/ul>\n                    \t                                        <div class=\"es-thumbnail-bottom\">14<\/div>\n\t                                <\/a>\n            <\/div>\n        <\/div>\n\n        <div class=\"es-property-info\">\n\n            <div class=\"es-row-view\">\n                <h2>\n                    <a href=\"https:\/\/elitebuilders4life.com\/propiedades\/lista-de-propiedades\/estudio-en-calle-42-para-renta-vacacional\/\">Estudio en calle 42 para Renta Vacacional<\/a>\n                    <span class=\"es-price\">$ 1,500.00<\/span>                <\/h2>\n            <\/div>\n\n            <div class=\"es-col-view\">\n                <h2>\n                    <a class=\"es-property-link\" href=\"https:\/\/elitebuilders4life.com\/propiedades\/lista-de-propiedades\/estudio-en-calle-42-para-renta-vacacional\/\">Estudio en calle 42 para Renta Vacacional<\/a>\n\t                                <\/h2>\n\t            <span class=\"es-price\">$ 1,500.00<\/span>            <\/div>\n\n\t        \n            <div class=\"es-property-content\">\n                <div class=\"es-property-excerpt\">\n\t\t            <p>\ud83c\udfe1 Hermoso departamento de 2 habitaciones y 1 ba\u00f1o. Cuenta con sala, comedor, cocina, patio y estacionamiento. \ud83d\udecb\ufe0f Amueblado y Equipado. \ud83d\udccd Ubicado en calle 42 y 10 Av. a pocos minutos de 5ta Av. y mar.<\/p>\n                <\/div>\n                <div class=\"es-property-wishlist\">\n\t\t                            <\/div>\n            <\/div>\n\n            \n            <div class=\"es-bottom-info\">\n                \t\t\t<div class=\"es-bottom-icon__list\">\t\t\t\t\t\t\t\t\t\t<span class=\"es-bottom-icon\">\n                            \t                            <span class=\"es-meta-icon es-meta-icon--bedrooms lazyload\" style=\"background-image:inherit;\" data-bg-image=\"url(http:\/\/elitebuilders4life.com\/propiedades\/wp-content\/plugins\/estatik\/assets\/images\/bed_icon.png)\"><\/span>\n                            \t\t\t\t\t\t\t2 \u0441uartos                        <\/span>\n\t\t\t\t\t\t\t\t\t\t\t\t\t\t\t<span class=\"es-bottom-icon\">\n                            \t                            <span class=\"es-meta-icon es-meta-icon--bathrooms lazyload\" style=\"background-image:inherit;\" data-bg-image=\"url(http:\/\/elitebuilders4life.com\/propiedades\/wp-content\/plugins\/estatik\/assets\/images\/bath_icon.png)\"><\/span>\n                            \t\t\t\t\t\t\t1 ba\u00f1o                        <\/span>\n\t\t\t\t\t\t\t\t\t<\/div>\n\t\t\n                <div class=\"es-details-wrap\">\n                    <div class=\"es-details-flex\">\n                                                    <div class=\"es-map-link-wrap\">\n                                <a href=\"#\" class=\"es-map-view-link es-hover-show\" data-longitude=\"-87.06594694146276\"\n                                   data-latitude=\"20.63751546068679\">Ver en mapa<\/a>\n                            <\/div>\n                                                <span class=\"es-read-wrap\">\n                            <a href=\"https:\/\/elitebuilders4life.com\/propiedades\/lista-de-propiedades\/estudio-en-calle-42-para-renta-vacacional\/\" class=\"es-button es-button-orange es-hover-show es-read\">Detalles<\/a>\n                        <\/span>\n                    <\/div>\n                <\/div>\n            <\/div>\n        <\/div>\n\n    <\/div>\n<\/div>\n                            \n<div id=\"post-2780\" class=\"properties post-2780 type-properties status-publish has-post-thumbnail hentry es_category-en-renta es_status-disponible es_type-departamento es_feature-areas-verdes es_feature-asador es_feature-estacionamiento es_feature-terraza es_rent_period-por-dia\">\n    <div class=\"es-property-inner\">\n        <div class=\"es-property-thumbnail\">\n            <div class=\"es-thumbnail\">\n                <a href=\"https:\/\/elitebuilders4life.com\/propiedades\/lista-de-propiedades\/departamento-en-zona-centro-para-renta-vacacional\/\">\n                                            <img decoding=\"async\" width=\"536\" height=\"370\" data-src=\"https:\/\/elitebuilders4life.com\/propiedades\/wp-content\/uploads\/2021\/04\/1092-03-536x370.jpg\" class=\"attachment-es-image-size-archive size-es-image-size-archive lazyload\" alt=\"Departamento en zona centro para Renta Vacacional\" src=\"data:image\/gif;base64,R0lGODlhAQABAAAAACH5BAEKAAEALAAAAAABAAEAAAICTAEAOw==\" style=\"--smush-placeholder-width: 536px; --smush-placeholder-aspect-ratio: 536\/370;\" \/>                    \n                                            <ul class=\"es-property-label-wrap\">\n                                                                                                <li class=\"es-property-label es-property-label-68 es-property-label-disponible\"\n                                        style=\"color:#2bbe0e\">Disponible<\/li><br>\n                                                                                                                                                                                                                                                                        <\/ul>\n                    \t                                        <div class=\"es-thumbnail-bottom\">9<\/div>\n\t                                <\/a>\n            <\/div>\n        <\/div>\n\n        <div class=\"es-property-info\">\n\n            <div class=\"es-row-view\">\n                <h2>\n                    <a href=\"https:\/\/elitebuilders4life.com\/propiedades\/lista-de-propiedades\/departamento-en-zona-centro-para-renta-vacacional\/\">Departamento en zona centro para Renta Vacacional<\/a>\n                    <span class=\"es-price\">$ 1,750.00<\/span>                <\/h2>\n            <\/div>\n\n            <div class=\"es-col-view\">\n                <h2>\n                    <a class=\"es-property-link\" href=\"https:\/\/elitebuilders4life.com\/propiedades\/lista-de-propiedades\/departamento-en-zona-centro-para-renta-vacacional\/\">Departamento en zona centro para Renta Vacacional<\/a>\n\t                                <\/h2>\n\t            <span class=\"es-price\">$ 1,750.00<\/span>            <\/div>\n\n\t        \n            <div class=\"es-property-content\">\n                <div class=\"es-property-excerpt\">\n\t\t            <p>\ud83c\udfe1 Hermoso departamento de 2 habitaciones y 1 ba\u00f1o ubicado en zona centro, cuenta con sala, comedor, cocina, terraza con asador, \u00e1reas verdes y espacio para estacionamiento. \ud83d\udecb\ufe0f Amueblado y equipado. \ud83c\udfd6\ufe0f A 10 minutos de 5ta avenida y zona de playa.<\/p>\n                <\/div>\n                <div class=\"es-property-wishlist\">\n\t\t                            <\/div>\n            <\/div>\n\n            \n            <div class=\"es-bottom-info\">\n                \t\t\t<div class=\"es-bottom-icon__list\">\t\t\t\t\t\t\t\t\t\t<span class=\"es-bottom-icon\">\n                            \t                            <span class=\"es-meta-icon es-meta-icon--bedrooms lazyload\" style=\"background-image:inherit;\" data-bg-image=\"url(http:\/\/elitebuilders4life.com\/propiedades\/wp-content\/plugins\/estatik\/assets\/images\/bed_icon.png)\"><\/span>\n                            \t\t\t\t\t\t\t2 \u0441uartos                        <\/span>\n\t\t\t\t\t\t\t\t\t\t\t\t\t\t\t<span class=\"es-bottom-icon\">\n                            \t                            <span class=\"es-meta-icon es-meta-icon--bathrooms lazyload\" style=\"background-image:inherit;\" data-bg-image=\"url(http:\/\/elitebuilders4life.com\/propiedades\/wp-content\/plugins\/estatik\/assets\/images\/bath_icon.png)\"><\/span>\n                            \t\t\t\t\t\t\t1 ba\u00f1o                        <\/span>\n\t\t\t\t\t\t\t\t\t<\/div>\n\t\t\n                <div class=\"es-details-wrap\">\n                    <div class=\"es-details-flex\">\n                                                    <div class=\"es-map-link-wrap\">\n                                <a href=\"#\" class=\"es-map-view-link es-hover-show\" data-longitude=\"-87.06983797126372\"\n                                   data-latitude=\"20.632139810279444\">Ver en mapa<\/a>\n                            <\/div>\n                                                <span class=\"es-read-wrap\">\n                            <a href=\"https:\/\/elitebuilders4life.com\/propiedades\/lista-de-propiedades\/departamento-en-zona-centro-para-renta-vacacional\/\" class=\"es-button es-button-orange es-hover-show es-read\">Detalles<\/a>\n                        <\/span>\n                    <\/div>\n                <\/div>\n            <\/div>\n        <\/div>\n\n    <\/div>\n<\/div>\n                            \n<div id=\"post-2634\" class=\"properties post-2634 type-properties status-publish has-post-thumbnail hentry es_category-en-renta es_status-disponible es_type-departamento es_feature-acceso-controlado es_feature-alberca es_feature-areas-verdes es_feature-palapa es_feature-seguridad-24-7 es_rent_period-por-dia\">\n    <div class=\"es-property-inner\">\n        <div class=\"es-property-thumbnail\">\n            <div class=\"es-thumbnail\">\n                <a href=\"https:\/\/elitebuilders4life.com\/propiedades\/lista-de-propiedades\/hermoso-departamento-en-tercer-piso-en-fraccionamiento-real-bilbao\/\">\n                                            <img decoding=\"async\" width=\"536\" height=\"370\" data-src=\"https:\/\/elitebuilders4life.com\/propiedades\/wp-content\/uploads\/2021\/04\/918-03-536x370.jpg\" class=\"attachment-es-image-size-archive size-es-image-size-archive lazyload\" alt=\"Hermoso departamento en tercer piso Real Bilbao\" src=\"data:image\/gif;base64,R0lGODlhAQABAAAAACH5BAEKAAEALAAAAAABAAEAAAICTAEAOw==\" style=\"--smush-placeholder-width: 536px; --smush-placeholder-aspect-ratio: 536\/370;\" \/>                    \n                                            <ul class=\"es-property-label-wrap\">\n                                                                                                <li class=\"es-property-label es-property-label-68 es-property-label-disponible\"\n                                        style=\"color:#2bbe0e\">Disponible<\/li><br>\n                                                                                                                                                                                                                                                                        <\/ul>\n                    \t                                        <div class=\"es-thumbnail-bottom\">7<\/div>\n\t                                <\/a>\n            <\/div>\n        <\/div>\n\n        <div class=\"es-property-info\">\n\n            <div class=\"es-row-view\">\n                <h2>\n                    <a href=\"https:\/\/elitebuilders4life.com\/propiedades\/lista-de-propiedades\/hermoso-departamento-en-tercer-piso-en-fraccionamiento-real-bilbao\/\">Hermoso departamento en tercer piso en fraccionamiento Real Bilbao<\/a>\n                    <span class=\"es-price\">$ 1,500.00<\/span>                <\/h2>\n            <\/div>\n\n            <div class=\"es-col-view\">\n                <h2>\n                    <a class=\"es-property-link\" href=\"https:\/\/elitebuilders4life.com\/propiedades\/lista-de-propiedades\/hermoso-departamento-en-tercer-piso-en-fraccionamiento-real-bilbao\/\">Hermoso departamento en tercer piso en fraccionamiento Real Bilbao<\/a>\n\t                                <\/h2>\n\t            <span class=\"es-price\">$ 1,500.00<\/span>            <\/div>\n\n\t        \n            <div class=\"es-property-content\">\n                <div class=\"es-property-excerpt\">\n\t\t            <p>C\u00f3modo departamento de 2 rec\u00e1maras (una con cama king size y la otra con doble cama individual), sala, comedor, cocina, \u00e1rea de lavado. \ud83d\udecb\ufe0f Amueblado y equipado. \ud83c\udfca Cuenta con alberca y palapa en \u00e1reas comunes. \ud83d\udc6e Seguridad 24\/7. \u270b Acceso controlado. \ud83d\udccd Ubicado en esquina superior del edificio frente a la alberca en el&#8230;<\/p>\n                <\/div>\n                <div class=\"es-property-wishlist\">\n\t\t                            <\/div>\n            <\/div>\n\n            \n            <div class=\"es-bottom-info\">\n                \t\t\t<div class=\"es-bottom-icon__list\">\t\t\t\t\t\t\t\t\t\t<span class=\"es-bottom-icon\">\n                            \t                            <span class=\"es-meta-icon es-meta-icon--bedrooms lazyload\" style=\"background-image:inherit;\" data-bg-image=\"url(http:\/\/elitebuilders4life.com\/propiedades\/wp-content\/plugins\/estatik\/assets\/images\/bed_icon.png)\"><\/span>\n                            \t\t\t\t\t\t\t2 \u0441uartos                        <\/span>\n\t\t\t\t\t\t\t\t\t\t\t\t\t\t\t<span class=\"es-bottom-icon\">\n                            \t                            <span class=\"es-meta-icon es-meta-icon--bathrooms lazyload\" style=\"background-image:inherit;\" data-bg-image=\"url(http:\/\/elitebuilders4life.com\/propiedades\/wp-content\/plugins\/estatik\/assets\/images\/bath_icon.png)\"><\/span>\n                            \t\t\t\t\t\t\t1 ba\u00f1o                        <\/span>\n\t\t\t\t\t\t\t\t\t<\/div>\n\t\t\n                <div class=\"es-details-wrap\">\n                    <div class=\"es-details-flex\">\n                                                    <div class=\"es-map-link-wrap\">\n                                <a href=\"#\" class=\"es-map-view-link es-hover-show\" data-longitude=\"-87.09368170416943\"\n                                   data-latitude=\"20.669980043975986\">Ver en mapa<\/a>\n                            <\/div>\n                                                <span class=\"es-read-wrap\">\n                            <a href=\"https:\/\/elitebuilders4life.com\/propiedades\/lista-de-propiedades\/hermoso-departamento-en-tercer-piso-en-fraccionamiento-real-bilbao\/\" class=\"es-button es-button-orange es-hover-show es-read\">Detalles<\/a>\n                        <\/span>\n                    <\/div>\n                <\/div>\n            <\/div>\n        <\/div>\n\n    <\/div>\n<\/div>\n                            \n<div id=\"post-2441\" class=\"properties post-2441 type-properties status-publish has-post-thumbnail hentry es_category-en-renta es_status-disponible es_type-departamento es_feature-acceso-controlado es_feature-alberca es_feature-palapa es_feature-seguridad-24-7 es_rent_period-por-dia\">\n    <div class=\"es-property-inner\">\n        <div class=\"es-property-thumbnail\">\n            <div class=\"es-thumbnail\">\n                <a href=\"https:\/\/elitebuilders4life.com\/propiedades\/lista-de-propiedades\/departamento-para-renta-vacacional-en-paseo-los-olivos\/\">\n                                            <img decoding=\"async\" width=\"536\" height=\"370\" data-src=\"https:\/\/elitebuilders4life.com\/propiedades\/wp-content\/uploads\/2021\/03\/Patricia-015-536x370.jpg\" class=\"attachment-es-image-size-archive size-es-image-size-archive lazyload\" alt=\"Departamento para Renta Vacacional en Paseo Los Olivos\" src=\"data:image\/gif;base64,R0lGODlhAQABAAAAACH5BAEKAAEALAAAAAABAAEAAAICTAEAOw==\" style=\"--smush-placeholder-width: 536px; --smush-placeholder-aspect-ratio: 536\/370;\" \/>                    \n                                            <ul class=\"es-property-label-wrap\">\n                                                                                                <li class=\"es-property-label es-property-label-68 es-property-label-disponible\"\n                                        style=\"color:#2bbe0e\">Disponible<\/li><br>\n                                                                                                                                                                                                                                                                        <\/ul>\n                    \t                                        <div class=\"es-thumbnail-bottom\">15<\/div>\n\t                                <\/a>\n            <\/div>\n        <\/div>\n\n        <div class=\"es-property-info\">\n\n            <div class=\"es-row-view\">\n                <h2>\n                    <a href=\"https:\/\/elitebuilders4life.com\/propiedades\/lista-de-propiedades\/departamento-para-renta-vacacional-en-paseo-los-olivos\/\">Departamento para Renta Vacacional en Paseo Los Olivos<\/a>\n                    <span class=\"es-price\">$ 900.00<\/span>                <\/h2>\n            <\/div>\n\n            <div class=\"es-col-view\">\n                <h2>\n                    <a class=\"es-property-link\" href=\"https:\/\/elitebuilders4life.com\/propiedades\/lista-de-propiedades\/departamento-para-renta-vacacional-en-paseo-los-olivos\/\">Departamento para Renta Vacacional en Paseo Los Olivos<\/a>\n\t                                <\/h2>\n\t            <span class=\"es-price\">$ 900.00<\/span>            <\/div>\n\n\t        \n            <div class=\"es-property-content\">\n                <div class=\"es-property-excerpt\">\n\t\t            <p>\ud83c\udfe0 Hermoso departamento de 2 habitaciones (1 con cama queen y la otra matrimonial) , 1 ba\u00f1o, sala (con sofa-cama), comedor, cocina, centro lavado. \ud83d\udecb\ufe0f Amueblada y equipada. \ud83c\udfca Alberca y palapa en \u00e1reas comunes dentro de fraccionamiento con seguridad 24\/7 y acceso controlado. \ud83d\udccd Ubicado a de 10 minutos de la 5ta Avenida, a&#8230;<\/p>\n                <\/div>\n                <div class=\"es-property-wishlist\">\n\t\t                            <\/div>\n            <\/div>\n\n            \n            <div class=\"es-bottom-info\">\n                \t\t\t<div class=\"es-bottom-icon__list\">\t\t\t\t\t\t\t\t\t\t<span class=\"es-bottom-icon\">\n                            \t                            <span class=\"es-meta-icon es-meta-icon--bedrooms lazyload\" style=\"background-image:inherit;\" data-bg-image=\"url(http:\/\/elitebuilders4life.com\/propiedades\/wp-content\/plugins\/estatik\/assets\/images\/bed_icon.png)\"><\/span>\n                            \t\t\t\t\t\t\t2 \u0441uartos                        <\/span>\n\t\t\t\t\t\t\t\t\t\t\t\t\t\t\t<span class=\"es-bottom-icon\">\n                            \t                            <span class=\"es-meta-icon es-meta-icon--bathrooms lazyload\" style=\"background-image:inherit;\" data-bg-image=\"url(http:\/\/elitebuilders4life.com\/propiedades\/wp-content\/plugins\/estatik\/assets\/images\/bath_icon.png)\"><\/span>\n                            \t\t\t\t\t\t\t1 ba\u00f1o                        <\/span>\n\t\t\t\t\t\t\t\t\t<\/div>\n\t\t\n                <div class=\"es-details-wrap\">\n                    <div class=\"es-details-flex\">\n                                                    <div class=\"es-map-link-wrap\">\n                                <a href=\"#\" class=\"es-map-view-link es-hover-show\" data-longitude=\"-87.08699001448136\"\n                                   data-latitude=\"20.668498829855814\">Ver en mapa<\/a>\n                            <\/div>\n                                                <span class=\"es-read-wrap\">\n                            <a href=\"https:\/\/elitebuilders4life.com\/propiedades\/lista-de-propiedades\/departamento-para-renta-vacacional-en-paseo-los-olivos\/\" class=\"es-button es-button-orange es-hover-show es-read\">Detalles<\/a>\n                        <\/span>\n                    <\/div>\n                <\/div>\n            <\/div>\n        <\/div>\n\n    <\/div>\n<\/div>\n                            \n<div id=\"post-2296\" class=\"properties post-2296 type-properties status-publish has-post-thumbnail hentry es_category-en-renta es_status-disponible es_type-departamento es_feature-a-c es_feature-area-de-lavado es_feature-cocina es_feature-estacionamiento es_feature-sala es_feature-smart-tv es_feature-ventilador es_rent_period-por-mes\">\n    <div class=\"es-property-inner\">\n        <div class=\"es-property-thumbnail\">\n            <div class=\"es-thumbnail\">\n                <a href=\"https:\/\/elitebuilders4life.com\/propiedades\/lista-de-propiedades\/departamento-para-renta-largo-plazo\/\">\n                                            <img decoding=\"async\" width=\"536\" height=\"370\" data-src=\"https:\/\/elitebuilders4life.com\/propiedades\/wp-content\/uploads\/2021\/03\/Editadas-02-536x370.jpg\" class=\"attachment-es-image-size-archive size-es-image-size-archive lazyload\" alt=\"Departamento para Renta Largo Plazo\" src=\"data:image\/gif;base64,R0lGODlhAQABAAAAACH5BAEKAAEALAAAAAABAAEAAAICTAEAOw==\" style=\"--smush-placeholder-width: 536px; --smush-placeholder-aspect-ratio: 536\/370;\" \/>                    \n                                            <ul class=\"es-property-label-wrap\">\n                                                                                                <li class=\"es-property-label es-property-label-68 es-property-label-disponible\"\n                                        style=\"color:#2bbe0e\">Disponible<\/li><br>\n                                                                                                                                                                                                                                                                        <\/ul>\n                    \t                                        <div class=\"es-thumbnail-bottom\">11<\/div>\n\t                                <\/a>\n            <\/div>\n        <\/div>\n\n        <div class=\"es-property-info\">\n\n            <div class=\"es-row-view\">\n                <h2>\n                    <a href=\"https:\/\/elitebuilders4life.com\/propiedades\/lista-de-propiedades\/departamento-para-renta-largo-plazo\/\">Departamento para Renta Largo Plazo<\/a>\n                    <span class=\"es-price\">$ 9,000.00<\/span>                <\/h2>\n            <\/div>\n\n            <div class=\"es-col-view\">\n                <h2>\n                    <a class=\"es-property-link\" href=\"https:\/\/elitebuilders4life.com\/propiedades\/lista-de-propiedades\/departamento-para-renta-largo-plazo\/\">Departamento para Renta Largo Plazo<\/a>\n\t                                <\/h2>\n\t            <span class=\"es-price\">$ 9,000.00<\/span>            <\/div>\n\n\t        \n            <div class=\"es-property-content\">\n                <div class=\"es-property-excerpt\">\n\t\t            <p>Departamento en Renta a Largo Plazo Hermoso departamento en planta alta de 2 habitaciones, 1 ba\u00f1o, sala con Smart TV, comedor, cocina integral, \u00e1rea de lavado, estacionamiento para un autom\u00f3vil. \ud83d\udccd Ubicado en Real Amalfi a de 10 minutos de la 5ta Avenida, a 5 minutos del centro comercial Plaza Las Am\u00e9ricas. Afuera de la&#8230;<\/p>\n                <\/div>\n                <div class=\"es-property-wishlist\">\n\t\t                            <\/div>\n            <\/div>\n\n            \n            <div class=\"es-bottom-info\">\n                \t\t\t<div class=\"es-bottom-icon__list\">\t\t\t\t\t\t\t\t\t\t<span class=\"es-bottom-icon\">\n                            \t                            <span class=\"es-meta-icon es-meta-icon--bedrooms lazyload\" style=\"background-image:inherit;\" data-bg-image=\"url(http:\/\/elitebuilders4life.com\/propiedades\/wp-content\/plugins\/estatik\/assets\/images\/bed_icon.png)\"><\/span>\n                            \t\t\t\t\t\t\t2 \u0441uartos                        <\/span>\n\t\t\t\t\t\t\t\t\t\t\t\t\t\t\t<span class=\"es-bottom-icon\">\n                            \t                            <span class=\"es-meta-icon es-meta-icon--bathrooms lazyload\" style=\"background-image:inherit;\" data-bg-image=\"url(http:\/\/elitebuilders4life.com\/propiedades\/wp-content\/plugins\/estatik\/assets\/images\/bath_icon.png)\"><\/span>\n                            \t\t\t\t\t\t\t1 ba\u00f1o                        <\/span>\n\t\t\t\t\t\t\t\t\t<\/div>\n\t\t\n                <div class=\"es-details-wrap\">\n                    <div class=\"es-details-flex\">\n                                                    <div class=\"es-map-link-wrap\">\n                                <a href=\"#\" class=\"es-map-view-link es-hover-show\" data-longitude=\"-87.08453695625465\"\n                                   data-latitude=\"20.666652475347977\">Ver en mapa<\/a>\n                            <\/div>\n                                                <span class=\"es-read-wrap\">\n                            <a href=\"https:\/\/elitebuilders4life.com\/propiedades\/lista-de-propiedades\/departamento-para-renta-largo-plazo\/\" class=\"es-button es-button-orange es-hover-show es-read\">Detalles<\/a>\n                        <\/span>\n                    <\/div>\n                <\/div>\n            <\/div>\n        <\/div>\n\n    <\/div>\n<\/div>\n                            \n<div id=\"post-2263\" class=\"properties post-2263 type-properties status-publish has-post-thumbnail hentry es_category-en-renta es_status-disponible es_type-departamento es_feature-acceso-controlado es_feature-alberca es_feature-cancha-de-basquetbol es_feature-gimnasio es_feature-ludoteca es_feature-vigilancia-24-7 es_rent_period-por-dia\">\n    <div class=\"es-property-inner\">\n        <div class=\"es-property-thumbnail\">\n            <div class=\"es-thumbnail\">\n                <a href=\"https:\/\/elitebuilders4life.com\/propiedades\/lista-de-propiedades\/hermoso-departamento-en-planta-baja-en-renta-vacacional\/\">\n                                            <img decoding=\"async\" width=\"536\" height=\"370\" data-src=\"https:\/\/elitebuilders4life.com\/propiedades\/wp-content\/uploads\/2021\/03\/nubes-02-536x370.jpg\" class=\"attachment-es-image-size-archive size-es-image-size-archive lazyload\" alt=\"Hermoso Departamento en Planta Baja en Renta Vacacional\" src=\"data:image\/gif;base64,R0lGODlhAQABAAAAACH5BAEKAAEALAAAAAABAAEAAAICTAEAOw==\" style=\"--smush-placeholder-width: 536px; --smush-placeholder-aspect-ratio: 536\/370;\" \/>                    \n                                            <ul class=\"es-property-label-wrap\">\n                                                                                                <li class=\"es-property-label es-property-label-68 es-property-label-disponible\"\n                                        style=\"color:#2bbe0e\">Disponible<\/li><br>\n                                                                                                                                                                                                                                                                        <\/ul>\n                    \t                                        <div class=\"es-thumbnail-bottom\">13<\/div>\n\t                                <\/a>\n            <\/div>\n        <\/div>\n\n        <div class=\"es-property-info\">\n\n            <div class=\"es-row-view\">\n                <h2>\n                    <a href=\"https:\/\/elitebuilders4life.com\/propiedades\/lista-de-propiedades\/hermoso-departamento-en-planta-baja-en-renta-vacacional\/\">Hermoso Departamento en Planta Baja en Renta Vacacional<\/a>\n                    <span class=\"es-price\">$ 900.00<\/span>                <\/h2>\n            <\/div>\n\n            <div class=\"es-col-view\">\n                <h2>\n                    <a class=\"es-property-link\" href=\"https:\/\/elitebuilders4life.com\/propiedades\/lista-de-propiedades\/hermoso-departamento-en-planta-baja-en-renta-vacacional\/\">Hermoso Departamento en Planta Baja en Renta Vacacional<\/a>\n\t                                <\/h2>\n\t            <span class=\"es-price\">$ 900.00<\/span>            <\/div>\n\n\t        \n            <div class=\"es-property-content\">\n                <div class=\"es-property-excerpt\">\n\t\t            <p>\ud83d\udccd Las Nubes se encuentra ubicado en Real Amalfi a 10 minutos de la 5ta Avenida y a 5 minutos \u00a0del centro comercial plaza las Am\u00e9ricas. Afuera de la privada se encuentra un Oxxo y a una esquina se encuentra una zona gourmet para comer y cenar (Food Trucks y varios Restaurantes) \ud83c\udf7d\ufe0f. \ud83c\udfe0 Cuenta&#8230;<\/p>\n                <\/div>\n                <div class=\"es-property-wishlist\">\n\t\t                            <\/div>\n            <\/div>\n\n            \n            <div class=\"es-bottom-info\">\n                \t\t\t<div class=\"es-bottom-icon__list\">\t\t\t\t\t\t\t\t\t\t<span class=\"es-bottom-icon\">\n                            \t                            <span class=\"es-meta-icon es-meta-icon--bedrooms lazyload\" style=\"background-image:inherit;\" data-bg-image=\"url(http:\/\/elitebuilders4life.com\/propiedades\/wp-content\/plugins\/estatik\/assets\/images\/bed_icon.png)\"><\/span>\n                            \t\t\t\t\t\t\t2 \u0441uartos                        <\/span>\n\t\t\t\t\t\t\t\t\t\t\t\t\t\t\t<span class=\"es-bottom-icon\">\n                            \t                            <span class=\"es-meta-icon es-meta-icon--bathrooms lazyload\" style=\"background-image:inherit;\" data-bg-image=\"url(http:\/\/elitebuilders4life.com\/propiedades\/wp-content\/plugins\/estatik\/assets\/images\/bath_icon.png)\"><\/span>\n                            \t\t\t\t\t\t\t1 ba\u00f1o                        <\/span>\n\t\t\t\t\t\t\t\t\t<\/div>\n\t\t\n                <div class=\"es-details-wrap\">\n                    <div class=\"es-details-flex\">\n                                                    <div class=\"es-map-link-wrap\">\n                                <a href=\"#\" class=\"es-map-view-link es-hover-show\" data-longitude=\"-87.08317004163663\"\n                                   data-latitude=\"20.665949366496523\">Ver en mapa<\/a>\n                            <\/div>\n                                                <span class=\"es-read-wrap\">\n                            <a href=\"https:\/\/elitebuilders4life.com\/propiedades\/lista-de-propiedades\/hermoso-departamento-en-planta-baja-en-renta-vacacional\/\" class=\"es-button es-button-orange es-hover-show es-read\">Detalles<\/a>\n                        <\/span>\n                    <\/div>\n                <\/div>\n            <\/div>\n        <\/div>\n\n    <\/div>\n<\/div>\n                    <\/div>\n\n            <\/div>\n            \n","protected":false},"excerpt":{"rendered":"","protected":false},"author":1,"featured_media":0,"parent":0,"menu_order":0,"comment_status":"closed","ping_status":"closed","template":"page.php","meta":{"footnotes":""},"class_list":["post-2261","page","type-page","status-publish","hentry"],"yoast_head":"<!-- This site is optimized with the Yoast SEO plugin v26.9 - https:\/\/yoast.com\/product\/yoast-seo-wordpress\/ -->\n<title>Departamentos en Renta &#8226; Propiedades | Elite Builders 4 Life<\/title>\n<meta name=\"description\" content=\"Propiedades en Playa del Carmen | Propiedades en la Riviera Maya | Propiedades en Quintana Roo | Propiedades en Tulum | Propiedades en M\u00e9rida\" \/>\n<meta name=\"robots\" content=\"index, follow, max-snippet:-1, max-image-preview:large, max-video-preview:-1\" \/>\n<link rel=\"canonical\" href=\"https:\/\/elitebuilders4life.com\/propiedades\/departamentos-en-renta\/\" \/>\n<meta property=\"og:locale\" content=\"es_ES\" \/>\n<meta property=\"og:type\" content=\"article\" \/>\n<meta property=\"og:title\" content=\"Departamentos en Renta &#8226; Propiedades | Elite Builders 4 Life\" \/>\n<meta property=\"og:description\" content=\"Propiedades en Playa del Carmen | Propiedades en la Riviera Maya | Propiedades en Quintana Roo | Propiedades en Tulum | Propiedades en M\u00e9rida\" \/>\n<meta property=\"og:url\" content=\"https:\/\/elitebuilders4life.com\/propiedades\/departamentos-en-renta\/\" \/>\n<meta property=\"og:site_name\" content=\"Propiedades | Elite Builders 4 Life\" \/>\n<meta property=\"article:publisher\" content=\"https:\/\/www.facebook.com\/elitebuilders4life\/\" \/>\n<meta property=\"article:modified_time\" content=\"2021-03-15T18:28:59+00:00\" \/>\n<meta name=\"twitter:card\" content=\"summary_large_image\" \/>\n<meta name=\"twitter:label1\" content=\"Tiempo de lectura\" \/>\n\t<meta name=\"twitter:data1\" content=\"1 minuto\" \/>\n<script type=\"application\/ld+json\" class=\"yoast-schema-graph\">{\"@context\":\"https:\/\/schema.org\",\"@graph\":[{\"@type\":\"WebPage\",\"@id\":\"https:\/\/elitebuilders4life.com\/propiedades\/departamentos-en-renta\/\",\"url\":\"https:\/\/elitebuilders4life.com\/propiedades\/departamentos-en-renta\/\",\"name\":\"Departamentos en Renta &#8226; Propiedades | Elite Builders 4 Life\",\"isPartOf\":{\"@id\":\"https:\/\/elitebuilders4life.com\/propiedades\/#website\"},\"datePublished\":\"2021-03-12T18:56:26+00:00\",\"dateModified\":\"2021-03-15T18:28:59+00:00\",\"description\":\"Propiedades en Playa del Carmen | Propiedades en la Riviera Maya | Propiedades en Quintana Roo | Propiedades en Tulum | Propiedades en M\u00e9rida\",\"breadcrumb\":{\"@id\":\"https:\/\/elitebuilders4life.com\/propiedades\/departamentos-en-renta\/#breadcrumb\"},\"inLanguage\":\"es\",\"potentialAction\":[{\"@type\":\"ReadAction\",\"target\":[\"https:\/\/elitebuilders4life.com\/propiedades\/departamentos-en-renta\/\"]}]},{\"@type\":\"BreadcrumbList\",\"@id\":\"https:\/\/elitebuilders4life.com\/propiedades\/departamentos-en-renta\/#breadcrumb\",\"itemListElement\":[{\"@type\":\"ListItem\",\"position\":1,\"name\":\"Portada\",\"item\":\"https:\/\/elitebuilders4life.com\/propiedades\/\"},{\"@type\":\"ListItem\",\"position\":2,\"name\":\"Departamentos en Renta\"}]},{\"@type\":\"WebSite\",\"@id\":\"https:\/\/elitebuilders4life.com\/propiedades\/#website\",\"url\":\"https:\/\/elitebuilders4life.com\/propiedades\/\",\"name\":\"Propiedades | Elite Builders 4 Life\",\"description\":\"Real Estate en Playa del Carmen | Desarrollo inmobiliario Playa del Carmen\",\"publisher\":{\"@id\":\"https:\/\/elitebuilders4life.com\/propiedades\/#organization\"},\"potentialAction\":[{\"@type\":\"SearchAction\",\"target\":{\"@type\":\"EntryPoint\",\"urlTemplate\":\"https:\/\/elitebuilders4life.com\/propiedades\/?s={search_term_string}\"},\"query-input\":{\"@type\":\"PropertyValueSpecification\",\"valueRequired\":true,\"valueName\":\"search_term_string\"}}],\"inLanguage\":\"es\"},{\"@type\":\"Organization\",\"@id\":\"https:\/\/elitebuilders4life.com\/propiedades\/#organization\",\"name\":\"Elite Builders 4 Life\",\"url\":\"https:\/\/elitebuilders4life.com\/propiedades\/\",\"logo\":{\"@type\":\"ImageObject\",\"inLanguage\":\"es\",\"@id\":\"https:\/\/elitebuilders4life.com\/propiedades\/#\/schema\/logo\/image\/\",\"url\":\"https:\/\/elitebuilders4life.com\/propiedades\/wp-content\/uploads\/2020\/12\/Elite-400x400-Jpg.jpg\",\"contentUrl\":\"https:\/\/elitebuilders4life.com\/propiedades\/wp-content\/uploads\/2020\/12\/Elite-400x400-Jpg.jpg\",\"width\":500,\"height\":500,\"caption\":\"Elite Builders 4 Life\"},\"image\":{\"@id\":\"https:\/\/elitebuilders4life.com\/propiedades\/#\/schema\/logo\/image\/\"},\"sameAs\":[\"https:\/\/www.facebook.com\/elitebuilders4life\/\",\"https:\/\/www.instagram.com\/elitebuilders4life\/\",\"https:\/\/www.youtube.com\/channel\/UCMYIhcmYewFTsMqgEzUulTQ\"]}]}<\/script>\n<!-- \/ Yoast SEO plugin. -->","yoast_head_json":{"title":"Departamentos en Renta &#8226; Propiedades | Elite Builders 4 Life","description":"Propiedades en Playa del Carmen | Propiedades en la Riviera Maya | Propiedades en Quintana Roo | Propiedades en Tulum | Propiedades en M\u00e9rida","robots":{"index":"index","follow":"follow","max-snippet":"max-snippet:-1","max-image-preview":"max-image-preview:large","max-video-preview":"max-video-preview:-1"},"canonical":"https:\/\/elitebuilders4life.com\/propiedades\/departamentos-en-renta\/","og_locale":"es_ES","og_type":"article","og_title":"Departamentos en Renta &#8226; Propiedades | Elite Builders 4 Life","og_description":"Propiedades en Playa del Carmen | Propiedades en la Riviera Maya | Propiedades en Quintana Roo | Propiedades en Tulum | Propiedades en M\u00e9rida","og_url":"https:\/\/elitebuilders4life.com\/propiedades\/departamentos-en-renta\/","og_site_name":"Propiedades | Elite Builders 4 Life","article_publisher":"https:\/\/www.facebook.com\/elitebuilders4life\/","article_modified_time":"2021-03-15T18:28:59+00:00","twitter_card":"summary_large_image","twitter_misc":{"Tiempo de lectura":"1 minuto"},"schema":{"@context":"https:\/\/schema.org","@graph":[{"@type":"WebPage","@id":"https:\/\/elitebuilders4life.com\/propiedades\/departamentos-en-renta\/","url":"https:\/\/elitebuilders4life.com\/propiedades\/departamentos-en-renta\/","name":"Departamentos en Renta &#8226; Propiedades | Elite Builders 4 Life","isPartOf":{"@id":"https:\/\/elitebuilders4life.com\/propiedades\/#website"},"datePublished":"2021-03-12T18:56:26+00:00","dateModified":"2021-03-15T18:28:59+00:00","description":"Propiedades en Playa del Carmen | Propiedades en la Riviera Maya | Propiedades en Quintana Roo | Propiedades en Tulum | Propiedades en M\u00e9rida","breadcrumb":{"@id":"https:\/\/elitebuilders4life.com\/propiedades\/departamentos-en-renta\/#breadcrumb"},"inLanguage":"es","potentialAction":[{"@type":"ReadAction","target":["https:\/\/elitebuilders4life.com\/propiedades\/departamentos-en-renta\/"]}]},{"@type":"BreadcrumbList","@id":"https:\/\/elitebuilders4life.com\/propiedades\/departamentos-en-renta\/#breadcrumb","itemListElement":[{"@type":"ListItem","position":1,"name":"Portada","item":"https:\/\/elitebuilders4life.com\/propiedades\/"},{"@type":"ListItem","position":2,"name":"Departamentos en Renta"}]},{"@type":"WebSite","@id":"https:\/\/elitebuilders4life.com\/propiedades\/#website","url":"https:\/\/elitebuilders4life.com\/propiedades\/","name":"Propiedades | Elite Builders 4 Life","description":"Real Estate en Playa del Carmen | Desarrollo inmobiliario Playa del Carmen","publisher":{"@id":"https:\/\/elitebuilders4life.com\/propiedades\/#organization"},"potentialAction":[{"@type":"SearchAction","target":{"@type":"EntryPoint","urlTemplate":"https:\/\/elitebuilders4life.com\/propiedades\/?s={search_term_string}"},"query-input":{"@type":"PropertyValueSpecification","valueRequired":true,"valueName":"search_term_string"}}],"inLanguage":"es"},{"@type":"Organization","@id":"https:\/\/elitebuilders4life.com\/propiedades\/#organization","name":"Elite Builders 4 Life","url":"https:\/\/elitebuilders4life.com\/propiedades\/","logo":{"@type":"ImageObject","inLanguage":"es","@id":"https:\/\/elitebuilders4life.com\/propiedades\/#\/schema\/logo\/image\/","url":"https:\/\/elitebuilders4life.com\/propiedades\/wp-content\/uploads\/2020\/12\/Elite-400x400-Jpg.jpg","contentUrl":"https:\/\/elitebuilders4life.com\/propiedades\/wp-content\/uploads\/2020\/12\/Elite-400x400-Jpg.jpg","width":500,"height":500,"caption":"Elite Builders 4 Life"},"image":{"@id":"https:\/\/elitebuilders4life.com\/propiedades\/#\/schema\/logo\/image\/"},"sameAs":["https:\/\/www.facebook.com\/elitebuilders4life\/","https:\/\/www.instagram.com\/elitebuilders4life\/","https:\/\/www.youtube.com\/channel\/UCMYIhcmYewFTsMqgEzUulTQ"]}]}},"_links":{"self":[{"href":"https:\/\/elitebuilders4life.com\/propiedades\/wp-json\/wp\/v2\/pages\/2261","targetHints":{"allow":["GET"]}}],"collection":[{"href":"https:\/\/elitebuilders4life.com\/propiedades\/wp-json\/wp\/v2\/pages"}],"about":[{"href":"https:\/\/elitebuilders4life.com\/propiedades\/wp-json\/wp\/v2\/types\/page"}],"author":[{"embeddable":true,"href":"https:\/\/elitebuilders4life.com\/propiedades\/wp-json\/wp\/v2\/users\/1"}],"replies":[{"embeddable":true,"href":"https:\/\/elitebuilders4life.com\/propiedades\/wp-json\/wp\/v2\/comments?post=2261"}],"version-history":[{"count":0,"href":"https:\/\/elitebuilders4life.com\/propiedades\/wp-json\/wp\/v2\/pages\/2261\/revisions"}],"wp:attachment":[{"href":"https:\/\/elitebuilders4life.com\/propiedades\/wp-json\/wp\/v2\/media?parent=2261"}],"curies":[{"name":"wp","href":"https:\/\/api.w.org\/{rel}","templated":true}]}}